{"id":13541,"date":"2025-08-05T14:38:30","date_gmt":"2025-08-05T17:38:30","guid":{"rendered":"https:\/\/sgpsolucoes.com.br\/site\/?post_type=product&#038;p=13541"},"modified":"2026-09-02T12:29:29","modified_gmt":"2026-09-02T15:29:29","slug":"revista-mediacao-e-advocacia-na-mediiacao","status":"publish","type":"product","link":"https:\/\/sgpsolucoes.com.br\/site\/produto\/revista-mediacao-e-advocacia-na-mediiacao\/","title":{"rendered":"Revista Media\u00e7\u00e3o e Advocacia na Media\u00e7\u00e3o: Quest\u00f5es Contempor\u00e2neas"},"content":{"rendered":"<p>A Revista <strong>Media\u00e7\u00e3o e Advocacia na Media\u00e7\u00e3o: Quest\u00f5es Contempor\u00e2neas<\/strong> \u00e9 uma publica\u00e7\u00e3o peri\u00f3dica anual promovida pelo ICFML \u2013 Instituto de Certifica\u00e7\u00e3o e Forma\u00e7\u00e3o de Mediadores Lus\u00f3fonos em parceria com a SGP \u2013 Solu\u00e7\u00f5es em Gest\u00e3o P\u00fablica.<\/p>\n<p>O objetivo \u00e9 fornecer \u00e0 comunidade dedicada \u00e0 media\u00e7\u00e3o conhecimento sobre este m\u00e9todo de resolu\u00e7\u00e3o de conflitos nos pa\u00edses lus\u00f3fonos, tendo a preocupa\u00e7\u00e3o de ressaltar as quest\u00f5es pr\u00e1ticas em destaque no Brasil e demais pa\u00edses lus\u00f3fonos.<\/p>\n<p>Para tanto, visa abordar quest\u00f5es relevantes e atuais, com base na experi\u00eancia daqueles que trabalham com media\u00e7\u00e3o.<\/p>\n<p>A publica\u00e7\u00e3o est\u00e1 aberta a todos os especialistas nacionais e estrangeiros, de prefer\u00eancia aos de l\u00edngua portuguesa.<\/p>\n<p>Os crit\u00e9rios determinantes para a publica\u00e7\u00e3o nas diferentes se\u00e7\u00f5es da Revista s\u00e3o obras de interesse desse setor com quest\u00f5es atuais e de qualidade cient\u00edfica. Para isso existe um processo an\u00f4nimo de dupla avalia\u00e7\u00e3o cient\u00edfica por especialistas de reconhecido prest\u00edgio a quem o instituto envia os originais. A ideia desta Revista surgiu em uma certifica\u00e7\u00e3o ICFML no Brasil. Um dos requisitos para a obten\u00e7\u00e3o da certifica\u00e7\u00e3o pelo ICFML e a conclus\u00e3o do <em>Bootcamp<\/em> \u00e9 a elabora\u00e7\u00e3o de um artigo. Com base nisso, anualmente, h\u00e1 um grande volume de artigos de excelente n\u00edvel, que podem ser compartilhados com aqueles que atuam no setor. Por isso, temos alguns artigos com o mesmo t\u00edtulo, mas cujos conte\u00fados s\u00e3o diversos e complementam-se.<\/p>\n<p>A primeira edi\u00e7\u00e3o foi lan\u00e7ada em outubro de 2018. Alguns artigos s\u00e3o in\u00e9ditos e outros j\u00e1 foram publicados em outras revistas, pois o importante \u00e9 o compartilhamento das experi\u00eancias e ideias dos autores. A Se\u00e7\u00e3o Artigos mant\u00e9m o formato inaugurado na 5\u00aa edi\u00e7\u00e3o, mas com um diferencial. Este ano foi feita uma chamada de artigos entre os certificados do ICFML. Os artigos aprovados integram esta se\u00e7\u00e3o.<\/p>\n<p>No ano de 2024, temos uma novidade: a mudan\u00e7a na formata\u00e7\u00e3o da Revista com a parceria com a SGP \u2013 Solu\u00e7\u00f5es em Gest\u00e3o P\u00fablica, especializada em editora\u00e7\u00e3o de peri\u00f3dicos em diversas \u00e1reas. Essa parceria permitiu ao ICFML concentrar-se na organiza\u00e7\u00e3o do conte\u00fado da Revista e usufruir da expertise da SGP para a editora\u00e7\u00e3o. Os leitores da SGP podem agora agregar em seu portf\u00f3lio mais um conte\u00fado de excel\u00eancia sobre resolu\u00e7\u00e3o de conflitos.<\/p>\n<p>A 6\u00aa edi\u00e7\u00e3o da Revista traz outra novidade: as Ementas dos Webinars do DPC (Desenvolvimento Profissional Cont\u00ednuo)!<\/p>\n<p>Na Se\u00e7\u00e3o <strong>Reflex\u00f5es<\/strong>, os palestrantes de 2023 compartilham um pouco os temas apresentados. Esta se\u00e7\u00e3o inicia-se com a ementa do Webinar \u201cDNA do ICFML\u201d, ocorrido em fevereiro deste ano, cuja palestrante foi a Presidente do Instituto, C\u00e1tia Cebola. As ementas foram feitas por alunos de gradua\u00e7\u00e3o da Direito Rio da Funda\u00e7\u00e3o Getulio Vargas que cursaram o Field Project \u201cEMENT\u00c1RIO DOS WEBINARS DO ICFML \u2013 INSTITUTO DE CERTIFICA\u00c7\u00c3O E FORMA\u00c7\u00c3O DE MEDIADORES LUS\u00d3FONOS\u201d. S\u00e3o eles: Ana Clara Zambelli, Bianca Auler, Bruno Rangel, Eduardo Vignoli Louback, Henrique Divan, Jo\u00e3o Vicente Azambuja, Luisa Menezes Gra\u00e7a, Raquel Rodrigues, Renata Martins e Victoria Cury. Os Field Projects da FGV Direito Rio proporcionam que os alunos tenham contato com a realidade jur\u00eddica e social, articulando teoria e pr\u00e1tica. Importante destacar que o material produzido, seus resultados e conclus\u00f5es s\u00e3o de responsabilidade dos autores e n\u00e3o representam, de qualquer maneira, a posi\u00e7\u00e3o institucional da Funda\u00e7\u00e3o Getulio Vargas \/ FGV Direito Rio. Este trabalho \u00e9 enriquecer para auxiliar na dissemina\u00e7\u00e3o da cultura de resolu\u00e7\u00e3o adequada de conflitos. As ementas foram revisadas pela equipe da biblioteca e podem ser encontradas no site do ICFML (https:\/\/icfml.org\/). Nesta Se\u00e7\u00e3o, h\u00e1 tamb\u00e9m reflex\u00f5es ocorridas na Partilha, um espa\u00e7o dedicado para troca de experi\u00eancias aberto a todos os mediadores (certificados ou n\u00e3o do ICFML) e seus convidados.<\/p>\n<p>A Se\u00e7\u00e3o <strong>Relat\u00f3rios<\/strong> dos melhores trabalhos de campo da P\u00f3s-Gradua\u00e7\u00e3o em Negocia\u00e7\u00e3o, Media\u00e7\u00e3o e Resolu\u00e7\u00e3o de Conflitos, fruto da parceria entre ICFML e Universidade Cat\u00f3lica do Porto est\u00e1 mantida. De forma inovadora, os alunos precisam fazer um trabalho de campo sobre media\u00e7\u00e3o como um dos requisitos de conclus\u00e3o. O formato pode ser escolhido pelo aluno, com alinhamento com a coordena\u00e7\u00e3o, tendo como objetivo a divulga\u00e7\u00e3o da media\u00e7\u00e3o e a mensura\u00e7\u00e3o do seu impacto. Os resultados apresentados pelos alunos do curso de 2023 foram muito interessantes e podem ser vistos no site do ICFML.<\/p>\n<p>A \u00faltima Se\u00e7\u00e3o deste n\u00famero \u00e9 o <strong>Plano de Media\u00e7\u00e3o<\/strong> vencedor da competi\u00e7\u00e3o patrocinada pelo <em>WIF \u2013 Weinstein International Foundation<\/em> em parceria com o CBMA \u2013 Centro Brasileiro de Media\u00e7\u00e3o e Arbitragem e o ICFML.<\/p>\n\n    <div class=\"xs_social_share_widget xs_share_url after_content \t\tmain_content  wslu-style-1 wslu-share-box-shaped wslu-fill-colored wslu-none wslu-share-horizontal wslu-theme-font-no wslu-main_content\">\n\n\t\t\n        <ul>\n\t\t\t        <\/ul>\n    <\/div> \n","protected":false},"excerpt":{"rendered":"<p>A Revista <strong>Media\u00e7\u00e3o e Advocacia na Media\u00e7\u00e3o: Quest\u00f5es Contempor\u00e2neas<\/strong> \u00e9 uma publica\u00e7\u00e3o peri\u00f3dica anual promovida pelo ICFML \u2013 Instituto de Certifica\u00e7\u00e3o e Forma\u00e7\u00e3o de Mediadores Lus\u00f3fonos em parceria com a SGP \u2013 Solu\u00e7\u00f5es em Gest\u00e3o P\u00fablica.<\/p>\n<p>O objetivo \u00e9 fornecer \u00e0 comunidade dedicada \u00e0 media\u00e7\u00e3o conhecimento sobre este m\u00e9todo de resolu\u00e7\u00e3o de conflitos nos pa\u00edses lus\u00f3fonos, tendo a preocupa\u00e7\u00e3o de ressaltar as quest\u00f5es pr\u00e1ticas em destaque no Brasil e demais pa\u00edses lus\u00f3fonos.<\/p>\n<p>Para tanto, visa abordar quest\u00f5es relevantes e atuais, com base na experi\u00eancia daqueles que trabalham com media\u00e7\u00e3o.<\/p>\n","protected":false},"featured_media":22247,"comment_status":"open","ping_status":"closed","template":"","meta":{"postBodyCss":"","postBodyMargin":[],"postBodyPadding":[],"postBodyBackground":{"backgroundType":"classic","gradient":""},"_price":"250","_stock":"8","_tribe_ticket_header":"","_tribe_default_ticket_provider":"","_tribe_ticket_capacity":"10","_ticket_start_date":"","_ticket_end_date":"","_tribe_ticket_show_description":"","_tribe_ticket_show_not_going":false,"_tribe_ticket_use_global_stock":"","_tribe_ticket_global_stock_level":"","_global_stock_mode":"","_global_stock_cap":"","_tribe_rsvp_for_event":"","_tribe_ticket_going_count":"","_tribe_ticket_not_going_count":"","_tribe_tickets_list":"[]","_tribe_ticket_has_attendee_info_fields":false},"product_brand":[],"product_cat":[28],"product_tag":[],"class_list":{"0":"post-13541","1":"product","2":"type-product","3":"status-publish","4":"has-post-thumbnail","6":"product_cat-livros","8":"first","9":"instock","10":"shipping-taxable","11":"purchasable","12":"product-type-simple"},"acf":[],"_links":{"self":[{"href":"https:\/\/sgpsolucoes.com.br\/site\/wp-json\/wp\/v2\/product\/13541"}],"collection":[{"href":"https:\/\/sgpsolucoes.com.br\/site\/wp-json\/wp\/v2\/product"}],"about":[{"href":"https:\/\/sgpsolucoes.com.br\/site\/wp-json\/wp\/v2\/types\/product"}],"replies":[{"embeddable":true,"href":"https:\/\/sgpsolucoes.com.br\/site\/wp-json\/wp\/v2\/comments?post=13541"}],"wp:featuredmedia":[{"embeddable":true,"href":"https:\/\/sgpsolucoes.com.br\/site\/wp-json\/wp\/v2\/media\/22247"}],"wp:attachment":[{"href":"https:\/\/sgpsolucoes.com.br\/site\/wp-json\/wp\/v2\/media?parent=13541"}],"wp:term":[{"taxonomy":"product_brand","embeddable":true,"href":"https:\/\/sgpsolucoes.com.br\/site\/wp-json\/wp\/v2\/product_brand?post=13541"},{"taxonomy":"product_cat","embeddable":true,"href":"https:\/\/sgpsolucoes.com.br\/site\/wp-json\/wp\/v2\/product_cat?post=13541"},{"taxonomy":"product_tag","embeddable":true,"href":"https:\/\/sgpsolucoes.com.br\/site\/wp-json\/wp\/v2\/product_tag?post=13541"}],"curies":[{"name":"wp","href":"https:\/\/api.w.org\/{rel}","templated":true}]}}